{"id":70,"date":"2016-02-26T12:13:00","date_gmt":"2016-02-26T12:13:00","guid":{"rendered":"http:\/\/www.paularosado.com\/?page_id=70"},"modified":"2021-01-19T19:53:07","modified_gmt":"2021-01-19T19:53:07","slug":"vivacevoces","status":"publish","type":"page","link":"https:\/\/www.paularosado.com\/soprano\/vivacevoces\/","title":{"rendered":"Vivace Voces"},"content":{"rendered":"<p>[et_pb_section fb_built=&#8221;1&#8243; admin_label=&#8221;section&#8221; _builder_version=&#8221;3.22&#8243;][et_pb_row column_structure=&#8221;1_2,1_2&#8243; use_custom_gutter=&#8221;on&#8221; gutter_width=&#8221;3&#8243; column_padding_mobile=&#8221;on&#8221; admin_label=&#8221;row&#8221; _builder_version=&#8221;4.6.6&#8243; background_size=&#8221;initial&#8221; background_position=&#8221;top_left&#8221; background_repeat=&#8221;repeat&#8221; custom_padding=&#8221;30px||||false|false&#8221; make_fullwidth=&#8221;off&#8221; use_custom_width=&#8221;off&#8221; width_unit=&#8221;on&#8221;][et_pb_column type=&#8221;1_2&#8243; _builder_version=&#8221;3.25&#8243; custom_padding=&#8221;|||&#8221; custom_padding__hover=&#8221;|||&#8221;][et_pb_text admin_label=&#8221;Text&#8221; _builder_version=&#8221;4.6.6&#8243; background_size=&#8221;initial&#8221; background_position=&#8221;top_left&#8221; background_repeat=&#8221;repeat&#8221; use_border_color=&#8221;off&#8221; border_color=&#8221;#ffffff&#8221; border_style=&#8221;solid&#8221;]<\/p>\n<h2>Eventos<\/h2>\n<p>[\/et_pb_text][\/et_pb_column][et_pb_column type=&#8221;1_2&#8243; _builder_version=&#8221;3.25&#8243; custom_padding=&#8221;|||&#8221; custom_padding__hover=&#8221;|||&#8221;][\/et_pb_column][\/et_pb_row][et_pb_row column_structure=&#8221;1_2,1_2&#8243; use_custom_gutter=&#8221;on&#8221; gutter_width=&#8221;3&#8243; padding_mobile=&#8221;off&#8221; column_padding_mobile=&#8221;on&#8221; admin_label=&#8221;Row&#8221; _builder_version=&#8221;3.25&#8243; background_size=&#8221;initial&#8221; background_position=&#8221;top_left&#8221; background_repeat=&#8221;repeat&#8221; custom_padding=&#8221;20px||20px|&#8221; make_fullwidth=&#8221;off&#8221; use_custom_width=&#8221;off&#8221; width_unit=&#8221;on&#8221;][et_pb_column type=&#8221;1_2&#8243; _builder_version=&#8221;3.25&#8243; custom_padding=&#8221;|||&#8221; custom_padding__hover=&#8221;|||&#8221;][et_pb_text admin_label=&#8221;Text&#8221; _builder_version=&#8221;3.27.4&#8243; text_text_color=&#8221;#7f7f7f&#8221; text_font_size=&#8221;18&#8243; background_size=&#8221;initial&#8221; background_position=&#8221;top_left&#8221; background_repeat=&#8221;repeat&#8221; use_border_color=&#8221;off&#8221; border_color=&#8221;#ffffff&#8221; border_style=&#8221;solid&#8221;]<strong>Vivace Voces<\/strong><\/p>\n<p>M\u00fasica\u00a0cl\u00e1ssica para eventos<br \/>\n[\/et_pb_text][et_pb_divider disabled_on=&#8221;on|on|off&#8221; admin_label=&#8221;Divider&#8221; _builder_version=&#8221;3.2&#8243; custom_margin=&#8221;||6px|||&#8221; hide_on_mobile=&#8221;on&#8221;] [\/et_pb_divider][et_pb_text admin_label=&#8221;Text&#8221; _builder_version=&#8221;3.27.4&#8243; background_size=&#8221;initial&#8221; background_position=&#8221;top_left&#8221; background_repeat=&#8221;repeat&#8221; custom_padding=&#8221;20px|||&#8221; use_border_color=&#8221;off&#8221; border_color=&#8221;#ffffff&#8221; border_style=&#8221;solid&#8221;]O grupo musical\u00a0Vivace Voces\u00a0nasce em 2011 com objectivo primordial de fazer m\u00fasica cl\u00e1ssica em eventos (celebra\u00e7\u00f5es religiosas e civis, cerim\u00f3nias protocolares, festas, eventos empresariais).<br \/>\nOs seus elementos fundadores \u2013 Carla Laranjeira, M\u00f4nica Queir\u00f3z e Paula Rosado \u2013 conheceram-se h\u00e1 mais de 20 anos no Coro Regina Coeli de Lisboa, tendo por diversas vezes trabalhado juntas tamb\u00e9m em outros coros.<br \/>\nEm 2015 a violoncelista Mafalda Nascimento juntou-se \u00e0 forma\u00e7\u00e3o original.<\/p>\n<p><strong>Contacto<\/strong><br \/>\nVivace Voces \u2013\u00a0Eventos<br \/>\nTel.: [+351] 966 746 153<br \/>\nEmail:\u00a0vivacevoces@paularosado.com<br \/>\n[\/et_pb_text][et_pb_audio audio=&#8221;http:\/\/www.paularosado.com\/soprano\/wp-content\/uploads\/2017\/01\/Medley.mp3&#8243; title=&#8221;Medley&#8221; artist_name=&#8221;Vivace Voces&#8221; album_name=&#8221;(Grava\u00e7\u00e3o e montagem Jo\u00e3o Matos)&#8221; admin_label=&#8221;Audio&#8221; _builder_version=&#8221;3.0.87&#8243; background_color=&#8221;#7ebec5&#8243; background_size=&#8221;initial&#8221; background_position=&#8221;top_left&#8221; background_repeat=&#8221;repeat&#8221; use_border_color=&#8221;off&#8221; border_color=&#8221;#ffffff&#8221; border_style=&#8221;solid&#8221;] [\/et_pb_audio][\/et_pb_column][et_pb_column type=&#8221;1_2&#8243; _builder_version=&#8221;3.25&#8243; custom_padding=&#8221;|||&#8221; custom_padding__hover=&#8221;|||&#8221;][et_pb_toggle title=&#8221;Carla Laranjeira &#8211; Piano&#8221; open_toggle_background_color=&#8221;#91278f&#8221; closed_toggle_background_color=&#8221;#91278f&#8221; icon_color=&#8221;#ffffff&#8221; admin_label=&#8221;Toggle &#8211; Carla laranjeira&#8221; _builder_version=&#8221;3.0.87&#8243; title_text_color=&#8221;#ffffff&#8221; title_font=&#8221;|on|||&#8221; body_text_color=&#8221;#ffffff&#8221; background_color=&#8221;#91278f&#8221; background_size=&#8221;initial&#8221; background_position=&#8221;top_left&#8221; background_repeat=&#8221;repeat&#8221; use_border_color=&#8221;off&#8221; border_color=&#8221;#ffffff&#8221; border_style=&#8221;solid&#8221;]Carla Laranjeira iniciou os seus estudos de piano aos 4 anos de idade, com a sua av\u00f3. Mais tarde ingressou na Academia dos Amadores de M\u00fasica, tendo completado com boas classifica\u00e7\u00f5es os cursos de Piano e Forma\u00e7\u00e3o Musical. Do seu curr\u00edculo como pianista constam trabalhos com o Grupo Coral Cristo Rei de Alg\u00e9s, a Orquestra do C\u00edrculo de M\u00fasica de C\u00e2mara, a Nova Orquestra da Academia de Amadores de M\u00fasica e o Grupo Vocal Feminino Harmonia. \u00c9 tamb\u00e9m cantora, tendo integrado v\u00e1rios Coros, nomeadamente, o Grupo Coral Cristo Rei de Alg\u00e9s, o Grupo Vocal Feminino Harmonia, o Coro Regina Coeli de Lisboa e o Grupo Vocal Feminino Dona Vocce. Tanto na qualidade de pianista, como cantora, trabalhou com diversos prestigiados maestros como Jorge L\u00e9, Fernando Lopes Gra\u00e7a, Amador Cort\u00eas Medina, Ant\u00f3nio Vassalo Louren\u00e7o e Filipe Carvalheiro.<br \/>\n[\/et_pb_toggle][et_pb_toggle title=&#8221;Mafalda Nascimento &#8211; Violoncelo&#8221; open_toggle_background_color=&#8221;#91278f&#8221; closed_toggle_background_color=&#8221;#91278f&#8221; icon_color=&#8221;#ffffff&#8221; admin_label=&#8221;Toggle &#8211; Mafalda Nascimento&#8221; _builder_version=&#8221;3.0.87&#8243; title_text_color=&#8221;#ffffff&#8221; title_font=&#8221;|on|||&#8221; body_text_color=&#8221;#ffffff&#8221; background_color=&#8221;#91278f&#8221; background_size=&#8221;initial&#8221; background_position=&#8221;top_left&#8221; background_repeat=&#8221;repeat&#8221; use_border_color=&#8221;off&#8221; border_color=&#8221;#ffffff&#8221; border_style=&#8221;solid&#8221;] Mafalda Nascimento come\u00e7ou a estudar piano e violoncelo aos 8 anos, na Academia de M\u00fasica de Santa Cec\u00edlia e prosseguiu os estudos de violoncelo no Conservat\u00f3rio Nacional de Lisboa. Licenciou-se em M\u00fasica pela Universidade de \u00c9vora. Tocou em diferentes agrupamentos como trios e quartetos \u00a0de cordas, e como m\u00fasica convidada em orquestras como Orquestra Gulbenkian, Orquestra das Beiras e Sinfonieta de Lisboa.\u00a0Como coralista, pertenceu ao coro de C\u00e2mara de Lisboa e Coro Gulbenkian.\u00a0Em 2011 terminou o <em>Master of Arts in Music Education <\/em>na Eastman School of Music, Rochester, New York. [\/et_pb_toggle][et_pb_toggle title=&#8221;M\u00f4nica Queir\u00f3z &#8211; Voz&#8221; open_toggle_background_color=&#8221;#91278f&#8221; closed_toggle_background_color=&#8221;#91278f&#8221; icon_color=&#8221;#ffffff&#8221; admin_label=&#8221;Toggle &#8211; Monica Queiroz&#8221; _builder_version=&#8221;3.0.87&#8243; title_text_color=&#8221;#ffffff&#8221; title_font=&#8221;|on|||&#8221; body_text_color=&#8221;#ffffff&#8221; background_color=&#8221;#91278f&#8221; background_size=&#8221;initial&#8221; background_position=&#8221;top_left&#8221; background_repeat=&#8221;repeat&#8221; use_border_color=&#8221;off&#8221; border_color=&#8221;#ffffff&#8221; border_style=&#8221;solid&#8221;]M\u00f4nica Queir\u00f3z teve contacto com a m\u00fasica cl\u00e1ssica desde muito cedo. Estudou na Academia de M\u00fasica do Rio de Janeiro, no Conservat\u00f3rio Brasileiro de M\u00fasica e na Escola de M\u00fasica Villa-Lobos. Ao longo da sua carreira como solista e coralista participou ou diversos concertos com o Coro da Universidade do Rio de Janeiro, o Coro da Catedral do Rio de Janeiro, o Coro Regina Coeli de Lisboa e o Grupo Vocal Feminino Dona Vocce. Do seu curr\u00edculo constam nomes como Manuela de S\u00e1, Jo\u00e3o Louren\u00e7o, Isabel Alcobia e Claire Vangelisti.<br \/>\n[\/et_pb_toggle][et_pb_toggle title=&#8221;Paula Rosado &#8211; Voz&#8221; open_toggle_background_color=&#8221;#91278f&#8221; closed_toggle_background_color=&#8221;#91278f&#8221; icon_color=&#8221;#ffffff&#8221; admin_label=&#8221;Toggle &#8211; Paula Rosado&#8221; _builder_version=&#8221;3.0.87&#8243; title_text_color=&#8221;#ffffff&#8221; title_font=&#8221;|on|||&#8221; body_text_color=&#8221;#ffffff&#8221; background_color=&#8221;#91278f&#8221; background_size=&#8221;initial&#8221; background_position=&#8221;top_left&#8221; background_repeat=&#8221;repeat&#8221; use_border_color=&#8221;off&#8221; border_color=&#8221;#ffffff&#8221; border_style=&#8221;solid&#8221;]Paula Rosado iniciou os seus estudos musicais pelo piano aos 7 anos de idade. Mais tarde entrou para o Curso de Canto da Escola de M\u00fasica do Conservat\u00f3rio Nacional, concluindo os seus estudos no Conservat\u00f3rio de Roterd\u00e3o \u2013 <em>Codarts<\/em>. Trabalhou com diversos professores e encenadores, nomeadamente, Claire Vangelisti, Carleen Graham, Isabel Alcobia, Jo\u00e3o Louren\u00e7o, Roberta Alexander, Carolyn Watkinson, Frans Huijts, Charlotte Riedijk, Fred Jacobs, Marc Krone e Cilia Hogerzeil. Como coralista participou no Coro Regina Coeli de Lisboa, o Coro da Funda\u00e7\u00e3o Calouste Gulbenkian em Lisboa e os Coros\u00a0<em>Laurenscantorij<\/em>, Coro <em>Laurens Bachcollegium<\/em> e <em>Groot Omroepkoor<\/em>, na Holanda.<br \/>\n[\/et_pb_toggle][et_pb_toggle title=&#8221;REPERT\u00d3RIO&#8221; open_toggle_background_color=&#8221;#eac452&#8243; closed_toggle_background_color=&#8221;#eac452&#8243; icon_color=&#8221;#000000&#8243; admin_label=&#8221;Toggle &#8211; Repert\u00f3rio&#8221; _builder_version=&#8221;3.0.87&#8243; title_text_color=&#8221;#000000&#8243; body_text_color=&#8221;#000000&#8243; background_color=&#8221;#eac452&#8243; background_size=&#8221;initial&#8221; background_position=&#8221;top_left&#8221; background_repeat=&#8221;repeat&#8221; use_border_color=&#8221;off&#8221; border_color=&#8221;#ffffff&#8221; border_style=&#8221;solid&#8221;](Lista n\u00e3o exaustiva)<\/p>\n<ul>\n<li>Aria \u201cOn the G string\u201d \u2013 J. S. Bach<\/li>\n<li>Ave Maria \u2013 C. Gounod \/ J. S. Bach<\/li>\n<li>Ave Maria \u2013 F. Schubert<\/li>\n<li>Ave Verum \u2013 G. Faur\u00e9<\/li>\n<li>Ave Verum \u2013 W. A. Mozart<\/li>\n<li>Canticorum jubilo \u2013 G. F. H\u00e4ndel<\/li>\n<li>Domine Deus \u2013 A. Vivaldi<\/li>\n<li>Jesus bleibet meine Freude \u2013 J. S. Bach<\/li>\n<li>Laudate dominum \u2013 W. A. Mozart<\/li>\n<li>Marcha Nupcial \u2013 F. Mendelssohn<\/li>\n<li>Marcha Nupcial \u2013 R. Wagner<\/li>\n<li>O salutaris \u2013 T. Sydney Smith<\/li>\n<li>O Sanctissima \u2013 Melodia Siciliana<\/li>\n<li>Panis Angelicus \u2013 C. Franck<\/li>\n<li>Pie Jesu \u2013 G. Faur\u00e9<\/li>\n<li>Sarabande \u2013 G. F. H\u00e4ndel<\/li>\n<li>Tolite Hostias \u2013 C. Saint-Sa\u00ebns<\/li>\n<\/ul>\n<p>[\/et_pb_toggle][\/et_pb_column][\/et_pb_row][et_pb_row column_structure=&#8221;1_2,1_2&#8243; padding_mobile=&#8221;off&#8221; column_padding_mobile=&#8221;on&#8221; admin_label=&#8221;Row&#8221; module_class=&#8221; et_pb_row_fullwidth&#8221; _builder_version=&#8221;3.25&#8243; background_color=&#8221;#f2f2f2&#8243; background_size=&#8221;initial&#8221; background_position=&#8221;top_left&#8221; background_repeat=&#8221;repeat&#8221; width=&#8221;100%&#8221; width_tablet=&#8221;100%&#8221; width_phone=&#8221;&#8221; width_last_edited=&#8221;on|desktop&#8221; max_width=&#8221;100%&#8221; max_width_tablet=&#8221;100%&#8221; max_width_phone=&#8221;&#8221; max_width_last_edited=&#8221;on|desktop&#8221; custom_padding=&#8221;20px||30px|&#8221; make_fullwidth=&#8221;on&#8221; use_custom_width=&#8221;off&#8221; width_unit=&#8221;on&#8221;][et_pb_column type=&#8221;1_2&#8243; _builder_version=&#8221;3.25&#8243; custom_padding=&#8221;|||&#8221; custom_padding__hover=&#8221;|||&#8221;][\/et_pb_column][et_pb_column type=&#8221;1_2&#8243; _builder_version=&#8221;3.25&#8243; custom_padding=&#8221;|||&#8221; custom_padding__hover=&#8221;|||&#8221;][et_pb_text admin_label=&#8221;Text&#8221; _builder_version=&#8221;3.27.4&#8243; text_font_size=&#8221;10&#8243; background_size=&#8221;initial&#8221; background_position=&#8221;top_left&#8221; background_repeat=&#8221;repeat&#8221; text_orientation=&#8221;center&#8221; module_alignment=&#8221;center&#8221; use_border_color=&#8221;off&#8221; border_color=&#8221;#ffffff&#8221; border_style=&#8221;solid&#8221;] <em>Produ\u00e7\u00e3o Fotogr\u00e1fica<\/em> [\/et_pb_text][et_pb_image src=&#8221;http:\/\/www.paularosado.com\/soprano\/wp-content\/uploads\/2016\/03\/logo_preto_MED_100x100.png&#8221; url=&#8221;http:\/\/www.lisbonphotomemories.com\/&#8221; align=&#8221;center&#8221; align_tablet=&#8221;center&#8221; align_phone=&#8221;&#8221; align_last_edited=&#8221;on|desktop&#8221; admin_label=&#8221;Image&#8221; _builder_version=&#8221;3.23&#8243; use_border_color=&#8221;off&#8221; border_color=&#8221;#ffffff&#8221; border_style=&#8221;solid&#8221; animation=&#8221;off&#8221; sticky=&#8221;off&#8221; always_center_on_mobile=&#8221;on&#8221;] [\/et_pb_image][\/et_pb_column][\/et_pb_row][\/et_pb_section]<\/p>\n","protected":false},"excerpt":{"rendered":"<p>[et_pb_section fb_built=&#8221;1&#8243; admin_label=&#8221;section&#8221; _builder_version=&#8221;3.22&#8243;][et_pb_row column_structure=&#8221;1_2,1_2&#8243; use_custom_gutter=&#8221;on&#8221; gutter_width=&#8221;3&#8243; column_padding_mobile=&#8221;on&#8221; admin_label=&#8221;row&#8221; _builder_version=&#8221;4.6.6&#8243; background_size=&#8221;initial&#8221; background_position=&#8221;top_left&#8221; background_repeat=&#8221;repeat&#8221; custom_padding=&#8221;30px||||false|false&#8221; make_fullwidth=&#8221;off&#8221; use_custom_width=&#8221;off&#8221; width_unit=&#8221;on&#8221;][et_pb_column type=&#8221;1_2&#8243; _builder_version=&#8221;3.25&#8243; custom_padding=&#8221;|||&#8221; custom_padding__hover=&#8221;|||&#8221;][et_pb_text admin_label=&#8221;Text&#8221; _builder_version=&#8221;4.6.6&#8243; background_size=&#8221;initial&#8221; background_position=&#8221;top_left&#8221; background_repeat=&#8221;repeat&#8221; use_border_color=&#8221;off&#8221; border_color=&#8221;#ffffff&#8221; border_style=&#8221;solid&#8221;] Eventos [\/et_pb_text][\/et_pb_column][et_pb_column type=&#8221;1_2&#8243; _builder_version=&#8221;3.25&#8243; custom_padding=&#8221;|||&#8221; custom_padding__hover=&#8221;|||&#8221;][\/et_pb_column][\/et_pb_row][et_pb_row column_structure=&#8221;1_2,1_2&#8243; use_custom_gutter=&#8221;on&#8221; gutter_width=&#8221;3&#8243; padding_mobile=&#8221;off&#8221; column_padding_mobile=&#8221;on&#8221; admin_label=&#8221;Row&#8221; _builder_version=&#8221;3.25&#8243; background_size=&#8221;initial&#8221; background_position=&#8221;top_left&#8221; background_repeat=&#8221;repeat&#8221; custom_padding=&#8221;20px||20px|&#8221; make_fullwidth=&#8221;off&#8221; use_custom_width=&#8221;off&#8221; width_unit=&#8221;on&#8221;][et_pb_column type=&#8221;1_2&#8243; _builder_version=&#8221;3.25&#8243; custom_padding=&#8221;|||&#8221; custom_padding__hover=&#8221;|||&#8221;][et_pb_text admin_label=&#8221;Text&#8221; _builder_version=&#8221;3.27.4&#8243; [&hellip;]<\/p>\n","protected":false},"author":2,"featured_media":0,"parent":0,"menu_order":0,"comment_status":"closed","ping_status":"closed","template":"","meta":{"_et_pb_use_builder":"on","_et_pb_old_content":"","_et_gb_content_width":""},"_links":{"self":[{"href":"https:\/\/www.paularosado.com\/soprano\/wp-json\/wp\/v2\/pages\/70"}],"collection":[{"href":"https:\/\/www.paularosado.com\/soprano\/wp-json\/wp\/v2\/pages"}],"about":[{"href":"https:\/\/www.paularosado.com\/soprano\/wp-json\/wp\/v2\/types\/page"}],"author":[{"embeddable":true,"href":"https:\/\/www.paularosado.com\/soprano\/wp-json\/wp\/v2\/users\/2"}],"replies":[{"embeddable":true,"href":"https:\/\/www.paularosado.com\/soprano\/wp-json\/wp\/v2\/comments?post=70"}],"version-history":[{"count":33,"href":"https:\/\/www.paularosado.com\/soprano\/wp-json\/wp\/v2\/pages\/70\/revisions"}],"predecessor-version":[{"id":1454,"href":"https:\/\/www.paularosado.com\/soprano\/wp-json\/wp\/v2\/pages\/70\/revisions\/1454"}],"wp:attachment":[{"href":"https:\/\/www.paularosado.com\/soprano\/wp-json\/wp\/v2\/media?parent=70"}],"curies":[{"name":"wp","href":"https:\/\/api.w.org\/{rel}","templated":true}]}}